{"id":995,"date":"2025-07-24T10:48:46","date_gmt":"2025-07-24T10:48:46","guid":{"rendered":"https:\/\/www.aboutphilippejabre.com\/home\/"},"modified":"2025-11-10T16:47:18","modified_gmt":"2025-11-10T16:47:18","slug":"home","status":"publish","type":"page","link":"https:\/\/www.aboutphilippejabre.com\/fr\/","title":{"rendered":"Home"},"content":{"rendered":"<p>[et_pb_section fb_built=\u00a0\u00bb1&Prime; module_id=\u00a0\u00bbhome\u00a0\u00bb _builder_version=\u00a0\u00bb4.27.4&Prime; _module_preset=\u00a0\u00bbdefault\u00a0\u00bb background_color=\u00a0\u00bb#1e1e2f\u00a0\u00bb custom_padding=\u00a0\u00bb100px||||false|false\u00a0\u00bb locked=\u00a0\u00bboff\u00a0\u00bb global_colors_info=\u00a0\u00bb{}\u00a0\u00bb][et_pb_row column_structure=\u00a0\u00bb3_5,2_5&Prime; _builder_version=\u00a0\u00bb4.27.4&Prime; _module_preset=\u00a0\u00bbdefault\u00a0\u00bb global_colors_info=\u00a0\u00bb{}\u00a0\u00bb][et_pb_column type=\u00a0\u00bb3_5&Prime; _builder_version=\u00a0\u00bb4.27.4&Prime; _module_preset=\u00a0\u00bbdefault\u00a0\u00bb global_colors_info=\u00a0\u00bb{}\u00a0\u00bb][et_pb_text _builder_version=\u00a0\u00bb4.27.4&Prime; _module_preset=\u00a0\u00bbdefault\u00a0\u00bb header_font=\u00a0\u00bb|700|||||||\u00a0\u00bb header_text_color=\u00a0\u00bb#FFFFFF\u00a0\u00bb header_font_size=\u00a0\u00bb45px\u00a0\u00bb global_colors_info=\u00a0\u00bb{}\u00a0\u00bb]<\/p>\n<h1>Philippe Jabre<\/h1>\n<p>[\/et_pb_text][et_pb_text _builder_version=\u00a0\u00bb4.27.4&Prime; _module_preset=\u00a0\u00bbdefault\u00a0\u00bb text_font=\u00a0\u00bb|300|||||||\u00a0\u00bb text_text_color=\u00a0\u00bb#f4f6f8&Prime; text_font_size=\u00a0\u00bb26px\u00a0\u00bb global_colors_info=\u00a0\u00bb{}\u00a0\u00bb]<\/p>\n<p>Directeur des investissements (CIO), Pr\u00e9sident-directeur g\u00e9n\u00e9ral (CEO) et Fondateur de Jabre Capital<\/p>\n<p>[\/et_pb_text][et_pb_text _builder_version=\u00a0\u00bb4.27.4&Prime; _module_preset=\u00a0\u00bbdefault\u00a0\u00bb text_font=\u00a0\u00bb|300|||||||\u00a0\u00bb text_text_color=\u00a0\u00bb#FFFFFF\u00a0\u00bb global_colors_info=\u00a0\u00bb{}\u00a0\u00bb]<\/p>\n<p>Philippe Jabre est directeur de la communication, directeur g\u00e9n\u00e9ral et fondateur de Jabre Capital Partners, une soci\u00e9t\u00e9 bas\u00e9e \u00e0 Gen\u00e8ve, en Suisse, qui fournit des services de gestion d&rsquo;actifs \u00e0 des investisseurs institutionnels, \u00e0 des family offices et \u00e0 des particuliers fortun\u00e9s.<\/p>\n<p>[\/et_pb_text][et_pb_button button_url=\u00a0\u00bb#jabcap\u00a0\u00bb button_text=\u00a0\u00bbJabre Capital\u00a0\u00bb _builder_version=\u00a0\u00bb4.27.4&Prime; _module_preset=\u00a0\u00bbdefault\u00a0\u00bb global_colors_info=\u00a0\u00bb{}\u00a0\u00bb][\/et_pb_button][\/et_pb_column][et_pb_column type=\u00a0\u00bb2_5&Prime; _builder_version=\u00a0\u00bb4.27.4&Prime; _module_preset=\u00a0\u00bbdefault\u00a0\u00bb global_colors_info=\u00a0\u00bb{}\u00a0\u00bb][et_pb_image src=\u00a0\u00bbhttps:\/\/www.aboutphilippejabre.com\/wp-content\/uploads\/2025\/07\/Philippe-Jabre-Profile-Picture.jpg\u00a0\u00bb alt=\u00a0\u00bbPhilippe Jabre\u00a0\u00bb title_text=\u00a0\u00bbPhilippe Jabre\u00a0\u00bb align=\u00a0\u00bbcenter\u00a0\u00bb _builder_version=\u00a0\u00bb4.27.4&Prime; _module_preset=\u00a0\u00bbdefault\u00a0\u00bb width=\u00a0\u00bb60%\u00a0\u00bb border_radii=\u00a0\u00bbon|592px|592px|592px|592px\u00a0\u00bb border_width_all=\u00a0\u00bb5px\u00a0\u00bb border_color_all=\u00a0\u00bb#3988ef\u00a0\u00bb global_colors_info=\u00a0\u00bb{}\u00a0\u00bb][\/et_pb_image][et_pb_social_media_follow _builder_version=\u00a0\u00bb4.27.4&Prime; _module_preset=\u00a0\u00bbdefault\u00a0\u00bb text_orientation=\u00a0\u00bbcenter\u00a0\u00bb border_radii=\u00a0\u00bbon|4px|4px|4px|4px\u00a0\u00bb global_colors_info=\u00a0\u00bb{}\u00a0\u00bb][et_pb_social_media_follow_network social_network=\u00a0\u00bbtwitter\u00a0\u00bb url=\u00a0\u00bbhttps:\/\/x.com\/Philippe_Jabre\u00a0\u00bb _builder_version=\u00a0\u00bb4.27.4&Prime; _module_preset=\u00a0\u00bbdefault\u00a0\u00bb background_color=\u00a0\u00bb#3988ef\u00a0\u00bb background_enable_color=\u00a0\u00bbon\u00a0\u00bb border_radii=\u00a0\u00bbon|4px|4px|4px|4px\u00a0\u00bb global_colors_info=\u00a0\u00bb{}\u00a0\u00bb background_color__hover=\u00a0\u00bbRGBA(255,255,255,0)\u00a0\u00bb background__hover_enabled=\u00a0\u00bbon|hover\u00a0\u00bb background_enable_color__hover=\u00a0\u00bbon\u00a0\u00bb follow_button=\u00a0\u00bboff\u00a0\u00bb url_new_window=\u00a0\u00bbon\u00a0\u00bb]twitter[\/et_pb_social_media_follow_network][et_pb_social_media_follow_network social_network=\u00a0\u00bbmedium\u00a0\u00bb url=\u00a0\u00bbhttps:\/\/medium.com\/@PhilippeJabre\u00a0\u00bb _builder_version=\u00a0\u00bb4.27.4&Prime; _module_preset=\u00a0\u00bbdefault\u00a0\u00bb background_color=\u00a0\u00bb#3988ef\u00a0\u00bb background_enable_color=\u00a0\u00bbon\u00a0\u00bb border_radii=\u00a0\u00bbon|4px|4px|4px|4px\u00a0\u00bb global_colors_info=\u00a0\u00bb{}\u00a0\u00bb background_color__hover=\u00a0\u00bbRGBA(255,255,255,0)\u00a0\u00bb background__hover_enabled=\u00a0\u00bbon|hover\u00a0\u00bb background_enable_color__hover=\u00a0\u00bbon\u00a0\u00bb follow_button=\u00a0\u00bboff\u00a0\u00bb url_new_window=\u00a0\u00bbon\u00a0\u00bb]medium[\/et_pb_social_media_follow_network][et_pb_social_media_follow_network social_network=\u00a0\u00bbyoutube\u00a0\u00bb url=\u00a0\u00bbhttps:\/\/www.youtube.com\/@Philippe-Jabre\u00a0\u00bb _builder_version=\u00a0\u00bb4.27.4&Prime; _module_preset=\u00a0\u00bbdefault\u00a0\u00bb background_color=\u00a0\u00bb#3988ef\u00a0\u00bb background_enable_color=\u00a0\u00bbon\u00a0\u00bb border_radii=\u00a0\u00bbon|4px|4px|4px|4px\u00a0\u00bb global_colors_info=\u00a0\u00bb{}\u00a0\u00bb background_color__hover=\u00a0\u00bbRGBA(255,255,255,0)\u00a0\u00bb background__hover_enabled=\u00a0\u00bbon|hover\u00a0\u00bb background_enable_color__hover=\u00a0\u00bbon\u00a0\u00bb follow_button=\u00a0\u00bboff\u00a0\u00bb url_new_window=\u00a0\u00bbon\u00a0\u00bb]youtube[\/et_pb_social_media_follow_network][\/et_pb_social_media_follow][\/et_pb_column][\/et_pb_row][\/et_pb_section][et_pb_section fb_built=\u00a0\u00bb1&Prime; _builder_version=\u00a0\u00bb4.27.4&Prime; _module_preset=\u00a0\u00bbdefault\u00a0\u00bb locked=\u00a0\u00bboff\u00a0\u00bb global_colors_info=\u00a0\u00bb{}\u00a0\u00bb][et_pb_row column_structure=\u00a0\u00bb3_5,2_5&Prime; _builder_version=\u00a0\u00bb4.27.4&Prime; _module_preset=\u00a0\u00bbdefault\u00a0\u00bb custom_margin=\u00a0\u00bb||60px||false|false\u00a0\u00bb global_colors_info=\u00a0\u00bb{}\u00a0\u00bb][et_pb_column type=\u00a0\u00bb3_5&Prime; _builder_version=\u00a0\u00bb4.27.4&Prime; _module_preset=\u00a0\u00bbdefault\u00a0\u00bb global_colors_info=\u00a0\u00bb{}\u00a0\u00bb][et_pb_text module_id=\u00a0\u00bbjabcap\u00a0\u00bb _builder_version=\u00a0\u00bb4.27.4&Prime; _module_preset=\u00a0\u00bbdefault\u00a0\u00bb header_2_font=\u00a0\u00bb|700|||||||\u00a0\u00bb header_2_text_color=\u00a0\u00bb#333333&Prime; header_2_font_size=\u00a0\u00bb30px\u00a0\u00bb global_colors_info=\u00a0\u00bb{}\u00a0\u00bb]<\/p>\n<h2>Jabre Capital<\/h2>\n<p>[\/et_pb_text][et_pb_text _builder_version=\u00a0\u00bb4.27.4&Prime; _module_preset=\u00a0\u00bbdefault\u00a0\u00bb global_colors_info=\u00a0\u00bb{}\u00a0\u00bb]<\/p>\n<div id=\"bannerR\">\n<div align=\"center\" data-freestar-ad=\"__300x600\" id=\"lipsumcom_right_siderail\" name=\"lipsumcom_right_siderail\" style=\"text-align: left;\">\n<p>M. Jabre a fond\u00e9 Jabre Capital Partners en 2006, en s&rsquo;appuyant sur la vaste exp\u00e9rience qu&rsquo;il a acquise tout au long d&rsquo;une carri\u00e8re extraordinairement r\u00e9ussie dans la finance. Gr\u00e2ce \u00e0 son leadership visionnaire, Jabre Capital Partners a connu un essor fulgurant, la soci\u00e9t\u00e9 g\u00e9rant \u00e0 un moment donn\u00e9 des portefeuilles d&rsquo;actifs de plusieurs milliards de dollars pour le compte d&rsquo;une client\u00e8le mondiale prestigieuse. <\/p>\n<p>Outre la direction de Jabre Capital Partners, Philippe Jabre est le fondateur de l&rsquo;Association Philippe Jabre. Il si\u00e8ge \u00e9galement au conseil d&rsquo;administration de l&rsquo;universit\u00e9 Columbia et au conseil d&rsquo;administration de l&rsquo;universit\u00e9 am\u00e9ricaine de Beyrouth. Il soutient \u00e9galement plusieurs fondations et projets artistiques, culturels et philanthropiques au Moyen-Orient et en Europe. <\/p>\n<\/div>\n<\/div>\n<p>[\/et_pb_text][et_pb_button button_url=\u00a0\u00bb#education\u00a0\u00bb button_text=\u00a0\u00bb\u00c9ducation\u00a0\u00bb _builder_version=\u00a0\u00bb4.27.4&Prime; _module_preset=\u00a0\u00bbdefault\u00a0\u00bb global_colors_info=\u00a0\u00bb{}\u00a0\u00bb][\/et_pb_button][\/et_pb_column][et_pb_column type=\u00a0\u00bb2_5&Prime; _builder_version=\u00a0\u00bb4.27.4&Prime; _module_preset=\u00a0\u00bbdefault\u00a0\u00bb global_colors_info=\u00a0\u00bb{}\u00a0\u00bb][et_pb_image src=\u00a0\u00bbhttps:\/\/www.aboutphilippejabre.com\/wp-content\/uploads\/2025\/07\/Philippe-Jabre-Geneva.jpg\u00a0\u00bb alt=\u00a0\u00bbPhilippe Jabre\u00a0\u00bb title_text=\u00a0\u00bbPhilippe-Jabre-Geneva\u00a0\u00bb align=\u00a0\u00bbcenter\u00a0\u00bb _builder_version=\u00a0\u00bb4.27.4&Prime; _module_preset=\u00a0\u00bbdefault\u00a0\u00bb border_radii=\u00a0\u00bbon|10px|10px|10px|10px\u00a0\u00bb global_colors_info=\u00a0\u00bb{}\u00a0\u00bb][\/et_pb_image][\/et_pb_column][\/et_pb_row][et_pb_row column_structure=\u00a0\u00bb1_3,2_3&Prime; make_equal=\u00a0\u00bbon\u00a0\u00bb _builder_version=\u00a0\u00bb4.27.4&Prime; _module_preset=\u00a0\u00bbdefault\u00a0\u00bb background_color=\u00a0\u00bbrgba(103,175,239,0.17)\u00a0\u00bb custom_margin=\u00a0\u00bb||60px||false|false\u00a0\u00bb custom_padding=\u00a0\u00bb40px|40px|40px|40px|true|true\u00a0\u00bb border_radii=\u00a0\u00bbon|11px|11px|11px|11px\u00a0\u00bb box_shadow_style=\u00a0\u00bbpreset1&Prime; box_shadow_color=\u00a0\u00bbrgba(0,0,0,0.1)\u00a0\u00bb global_colors_info=\u00a0\u00bb{}\u00a0\u00bb][et_pb_column type=\u00a0\u00bb1_3&Prime; _builder_version=\u00a0\u00bb4.27.4&Prime; _module_preset=\u00a0\u00bbdefault\u00a0\u00bb global_colors_info=\u00a0\u00bb{}\u00a0\u00bb][et_pb_image src=\u00a0\u00bbhttps:\/\/www.aboutphilippejabre.com\/wp-content\/uploads\/2025\/07\/Philippe-Jabre-AUB.jpg\u00a0\u00bb title_text=\u00a0\u00bbPhilippe-Jabre-AUB\u00a0\u00bb align=\u00a0\u00bbcenter\u00a0\u00bb _builder_version=\u00a0\u00bb4.27.4&Prime; _module_preset=\u00a0\u00bbdefault\u00a0\u00bb custom_margin=\u00a0\u00bb-8px||||false|false\u00a0\u00bb border_radii=\u00a0\u00bbon|6px|6px|6px|6px\u00a0\u00bb global_colors_info=\u00a0\u00bb{}\u00a0\u00bb][\/et_pb_image][\/et_pb_column][et_pb_column type=\u00a0\u00bb2_3&Prime; _builder_version=\u00a0\u00bb4.27.4&Prime; _module_preset=\u00a0\u00bbdefault\u00a0\u00bb global_colors_info=\u00a0\u00bb{}\u00a0\u00bb][et_pb_text module_id=\u00a0\u00bbeducation\u00a0\u00bb _builder_version=\u00a0\u00bb4.27.4&Prime; _module_preset=\u00a0\u00bbdefault\u00a0\u00bb header_2_font=\u00a0\u00bb|700|||||||\u00a0\u00bb header_2_text_color=\u00a0\u00bb#333333&Prime; header_2_font_size=\u00a0\u00bb30px\u00a0\u00bb global_colors_info=\u00a0\u00bb{}\u00a0\u00bb]<\/p>\n<h2>\u00c9ducation<\/h2>\n<p>[\/et_pb_text][et_pb_text _builder_version=\u00a0\u00bb4.27.4&Prime; _module_preset=\u00a0\u00bbdefault\u00a0\u00bb global_colors_info=\u00a0\u00bb{}\u00a0\u00bb]<\/p>\n<p>N\u00e9 en 1960 \u00e0 Beit Chebab, Beyrouth, Philippe Jabre a fr\u00e9quent\u00e9 Notre Dame de Jamhour avant de s&rsquo;inscrire \u00e0 l&rsquo;Universit\u00e9 am\u00e9ricaine de Beyrouth. Ses \u00e9tudes universitaires ont \u00e9t\u00e9 interrompues au bout d&rsquo;un an en raison du d\u00e9clenchement de la guerre civile libanaise. Il s&rsquo;est install\u00e9 au Canada, o\u00f9 il a obtenu une licence en \u00e9conomie \u00e0 l&rsquo;universit\u00e9 Concordia de Montr\u00e9al. Il a ensuite obtenu une ma\u00eetrise avec mention \u00e0 la Columbia Business School de New York, avec une sp\u00e9cialisation en business et administration. Pendant ses \u00e9tudes \u00e0 la Columbia Business School, Philippe Jabre a \u00e9t\u00e9 un membre actif de l&rsquo;Investment Banking Club de l&rsquo;\u00e9tablissement d&rsquo;enseignement. Il a \u00e9t\u00e9 invit\u00e9 \u00e0 rejoindre le conseil d&rsquo;administration de l&rsquo;universit\u00e9, en reconnaissance de ses importantes r\u00e9alisations professionnelles.     <\/p>\n<p>[\/et_pb_text][et_pb_button button_url=\u00a0\u00bb#professional-career\u00a0\u00bb button_text=\u00a0\u00bbParcours professionnel\u00a0\u00bb _builder_version=\u00a0\u00bb4.27.4&Prime; _module_preset=\u00a0\u00bbdefault\u00a0\u00bb global_colors_info=\u00a0\u00bb{}\u00a0\u00bb][\/et_pb_button][\/et_pb_column][\/et_pb_row][et_pb_row column_structure=\u00a0\u00bb3_5,2_5&Prime; _builder_version=\u00a0\u00bb4.27.4&Prime; _module_preset=\u00a0\u00bbdefault\u00a0\u00bb custom_margin=\u00a0\u00bb||60px||false|false\u00a0\u00bb global_colors_info=\u00a0\u00bb{}\u00a0\u00bb][et_pb_column type=\u00a0\u00bb3_5&Prime; _builder_version=\u00a0\u00bb4.27.4&Prime; _module_preset=\u00a0\u00bbdefault\u00a0\u00bb global_colors_info=\u00a0\u00bb{}\u00a0\u00bb][et_pb_text module_id=\u00a0\u00bbprofessional-career\u00a0\u00bb _builder_version=\u00a0\u00bb4.27.4&Prime; _module_preset=\u00a0\u00bbdefault\u00a0\u00bb header_2_font=\u00a0\u00bb|700|||||||\u00a0\u00bb header_2_text_color=\u00a0\u00bb#333333&Prime; header_2_font_size=\u00a0\u00bb30px\u00a0\u00bb global_colors_info=\u00a0\u00bb{}\u00a0\u00bb]<\/p>\n<h2>Parcours professionnel<\/h2>\n<p>[\/et_pb_text][et_pb_text _builder_version=\u00a0\u00bb4.27.4&Prime; _module_preset=\u00a0\u00bbdefault\u00a0\u00bb global_colors_info=\u00a0\u00bb{}\u00a0\u00bb]<\/p>\n<div id=\"bannerR\">\n<div align=\"center\" data-freestar-ad=\"__300x600\" id=\"lipsumcom_right_siderail\" name=\"lipsumcom_right_siderail\" style=\"text-align: left;\">Philippe Jabre a commenc\u00e9 sa carri\u00e8re en travaillant pour BAII Asset Management, o\u00f9 il a acquis une grande exp\u00e9rience de la gestion d&rsquo;actifs sur diff\u00e9rents march\u00e9s. Il s&rsquo;est ensuite install\u00e9 \u00e0 Londres, o\u00f9 il a travaill\u00e9 pour GLG Partners, une filiale de Lehman Brothers International (Europe). M. Jabre a jou\u00e9 un r\u00f4le essentiel en tant qu&rsquo;associ\u00e9 et gestionnaire de portefeuille, supervisant le fonds d&rsquo;investissement phare de l&rsquo;organisation. Au cours de cette p\u00e9riode, il a nou\u00e9 de solides relations avec des investisseurs institutionnels et des fonds souverains au Moyen-Orient et en Europe, se forgeant une solide r\u00e9putation de gestionnaire de fonds de premier plan gr\u00e2ce \u00e0 son expertise en mati\u00e8re d&rsquo;investissement et \u00e0 sa capacit\u00e9 inou\u00efe \u00e0 anticiper les tendances macro\u00e9conomiques.   <\/div>\n<\/div>\n<p>[\/et_pb_text][et_pb_button button_url=\u00a0\u00bb#apj\u00a0\u00bb button_text=\u00a0\u00bbAssociation Philippe Jabre\u00a0\u00bb _builder_version=\u00a0\u00bb4.27.4&Prime; _module_preset=\u00a0\u00bbdefault\u00a0\u00bb global_colors_info=\u00a0\u00bb{}\u00a0\u00bb][\/et_pb_button][\/et_pb_column][et_pb_column type=\u00a0\u00bb2_5&Prime; _builder_version=\u00a0\u00bb4.27.4&Prime; _module_preset=\u00a0\u00bbdefault\u00a0\u00bb global_colors_info=\u00a0\u00bb{}\u00a0\u00bb][et_pb_image src=\u00a0\u00bbhttps:\/\/www.aboutphilippejabre.com\/wp-content\/uploads\/2025\/07\/Philippe-Jabre-Finance.jpg\u00a0\u00bb alt=\u00a0\u00bbPhilippe Jabre\u00a0\u00bb title_text=\u00a0\u00bbPhilippe-Jabre-Finance\u00a0\u00bb _builder_version=\u00a0\u00bb4.27.4&Prime; _module_preset=\u00a0\u00bbdefault\u00a0\u00bb border_radii=\u00a0\u00bbon|10px|10px|10px|10px\u00a0\u00bb global_colors_info=\u00a0\u00bb{}\u00a0\u00bb][\/et_pb_image][\/et_pb_column][\/et_pb_row][et_pb_row column_structure=\u00a0\u00bb1_3,2_3&Prime; make_equal=\u00a0\u00bbon\u00a0\u00bb _builder_version=\u00a0\u00bb4.27.4&Prime; _module_preset=\u00a0\u00bbdefault\u00a0\u00bb background_color=\u00a0\u00bb#e5f2fc\u00a0\u00bb custom_margin=\u00a0\u00bb||60px||false|false\u00a0\u00bb custom_padding=\u00a0\u00bb40px|40px|40px|40px|true|true\u00a0\u00bb border_radii=\u00a0\u00bbon|11px|11px|11px|11px\u00a0\u00bb box_shadow_style=\u00a0\u00bbpreset1&Prime; box_shadow_color=\u00a0\u00bbrgba(0,0,0,0.1)\u00a0\u00bb global_colors_info=\u00a0\u00bb{}\u00a0\u00bb][et_pb_column type=\u00a0\u00bb1_3&Prime; _builder_version=\u00a0\u00bb4.27.4&Prime; _module_preset=\u00a0\u00bbdefault\u00a0\u00bb global_colors_info=\u00a0\u00bb{}\u00a0\u00bb][et_pb_image src=\u00a0\u00bbhttps:\/\/www.aboutphilippejabre.com\/wp-content\/uploads\/2025\/07\/Philippe-Jabre-Philanthropy.jpg\u00a0\u00bb alt=\u00a0\u00bbPhilippe Jabre\u00a0\u00bb title_text=\u00a0\u00bbPhilippe-Jabre-Philanthropy\u00a0\u00bb _builder_version=\u00a0\u00bb4.27.4&Prime; _module_preset=\u00a0\u00bbdefault\u00a0\u00bb global_colors_info=\u00a0\u00bb{}\u00a0\u00bb][\/et_pb_image][\/et_pb_column][et_pb_column type=\u00a0\u00bb2_3&Prime; _builder_version=\u00a0\u00bb4.27.4&Prime; _module_preset=\u00a0\u00bbdefault\u00a0\u00bb global_colors_info=\u00a0\u00bb{}\u00a0\u00bb][et_pb_text module_id=\u00a0\u00bbapj\u00a0\u00bb _builder_version=\u00a0\u00bb4.27.4&Prime; _module_preset=\u00a0\u00bbdefault\u00a0\u00bb header_2_font=\u00a0\u00bb|700|||||||\u00a0\u00bb header_2_text_color=\u00a0\u00bb#333333&Prime; header_2_font_size=\u00a0\u00bb30px\u00a0\u00bb global_colors_info=\u00a0\u00bb{}\u00a0\u00bb]<\/p>\n<h2>Association Philippe Jabre<\/h2>\n<p>[\/et_pb_text][et_pb_text _builder_version=\u00a0\u00bb4.27.4&Prime; _module_preset=\u00a0\u00bbdefault\u00a0\u00bb global_colors_info=\u00a0\u00bb{}\u00a0\u00bb]<\/p>\n<p>En dehors de ses int\u00e9r\u00eats professionnels, Philippe Jabre consacre une grande partie de son temps \u00e0 la philanthropie, ayant fond\u00e9 l&rsquo;Association Philippe Jabre en 2001. Organisation \u00e0 but non lucratif cr\u00e9\u00e9e pour r\u00e9pondre aux besoins des personnes d\u00e9favoris\u00e9es de la soci\u00e9t\u00e9 libanaise, l&rsquo;Association Philippe Jabre travaille sans rel\u00e2che pour am\u00e9liorer l&rsquo;acc\u00e8s \u00e0 l&rsquo;\u00e9ducation, ayant attribu\u00e9 plus de 3 000 bourses d&rsquo;\u00e9tudes universitaires \u00e0 ce jour. L&rsquo;association agit dans un esprit de non-discrimination et d&rsquo;\u00e9galit\u00e9, en aidant les familles libanaises \u00e0 acc\u00e9der \u00e0 la scolarisation et aux soins de sant\u00e9.  <\/p>\n<p>[\/et_pb_text][et_pb_button button_url=\u00a0\u00bb#almaza-brewery\u00a0\u00bb button_text=\u00a0\u00bbAlmaza\u00a0\u00bb _builder_version=\u00a0\u00bb4.27.4&Prime; _module_preset=\u00a0\u00bbdefault\u00a0\u00bb global_colors_info=\u00a0\u00bb{}\u00a0\u00bb][\/et_pb_button][\/et_pb_column][\/et_pb_row][et_pb_row column_structure=\u00a0\u00bb3_5,2_5&Prime; _builder_version=\u00a0\u00bb4.27.4&Prime; _module_preset=\u00a0\u00bbdefault\u00a0\u00bb custom_margin=\u00a0\u00bb||60px||false|false\u00a0\u00bb global_colors_info=\u00a0\u00bb{}\u00a0\u00bb][et_pb_column type=\u00a0\u00bb3_5&Prime; _builder_version=\u00a0\u00bb4.27.4&Prime; _module_preset=\u00a0\u00bbdefault\u00a0\u00bb global_colors_info=\u00a0\u00bb{}\u00a0\u00bb][et_pb_text module_id=\u00a0\u00bbalmaza-brewery\u00a0\u00bb _builder_version=\u00a0\u00bb4.27.4&Prime; _module_preset=\u00a0\u00bbdefault\u00a0\u00bb header_2_font=\u00a0\u00bb|700|||||||\u00a0\u00bb header_2_text_color=\u00a0\u00bb#333333&Prime; header_2_font_size=\u00a0\u00bb30px\u00a0\u00bb global_colors_info=\u00a0\u00bb{}\u00a0\u00bb]<\/p>\n<h2>Almaza<\/h2>\n<p>[\/et_pb_text][et_pb_text _builder_version=\u00a0\u00bb4.27.4&Prime; _module_preset=\u00a0\u00bbdefault\u00a0\u00bb global_colors_info=\u00a0\u00bb{}\u00a0\u00bb]<\/p>\n<div id=\"bannerR\">\n<div align=\"center\" data-freestar-ad=\"__300x600\" id=\"lipsumcom_right_siderail\" name=\"lipsumcom_right_siderail\" style=\"text-align: left;\">\n<p>M. Jabre est finalement retourn\u00e9 dans son pays d&rsquo;origine, apr\u00e8s avoir pris la d\u00e9cision strat\u00e9gique d&rsquo;acqu\u00e9rir une participation majoritaire dans Almaza aupr\u00e8s du groupe Heineken en 2021. Sa participation \u00e0 la revitalisation de cette brasserie familiale libanaise embl\u00e9matique souligne son engagement en faveur du patrimoine, de l&rsquo;esprit d&rsquo;entreprise et du d\u00e9veloppement \u00e9conomique local. <\/p>\n<\/div>\n<\/div>\n<p>[\/et_pb_text][et_pb_button button_url=\u00a0\u00bb#home\u00a0\u00bb button_text=\u00a0\u00bbAccueil\u00a0\u00bb _builder_version=\u00a0\u00bb4.27.4&Prime; _module_preset=\u00a0\u00bbdefault\u00a0\u00bb hover_enabled=\u00a0\u00bb0&Prime; global_colors_info=\u00a0\u00bb{}\u00a0\u00bb sticky_enabled=\u00a0\u00bb0&Prime;][\/et_pb_button][\/et_pb_column][et_pb_column type=\u00a0\u00bb2_5&Prime; _builder_version=\u00a0\u00bb4.27.4&Prime; _module_preset=\u00a0\u00bbdefault\u00a0\u00bb global_colors_info=\u00a0\u00bb{}\u00a0\u00bb][et_pb_image src=\u00a0\u00bbhttps:\/\/www.aboutphilippejabre.com\/wp-content\/uploads\/2025\/07\/Philippe-Jabre-Almaza.png\u00a0\u00bb title_text=\u00a0\u00bbPhilippe-Jabre-Almaza\u00a0\u00bb _builder_version=\u00a0\u00bb4.27.4&Prime; _module_preset=\u00a0\u00bbdefault\u00a0\u00bb border_radii=\u00a0\u00bbon|10px|10px|10px|10px\u00a0\u00bb box_shadow_style=\u00a0\u00bbpreset1&Prime; global_colors_info=\u00a0\u00bb{}\u00a0\u00bb][\/et_pb_image][\/et_pb_column][\/et_pb_row][et_pb_row _builder_version=\u00a0\u00bb4.27.4&Prime; _module_preset=\u00a0\u00bbdefault\u00a0\u00bb global_colors_info=\u00a0\u00bb{}\u00a0\u00bb][et_pb_column type=\u00a0\u00bb4_4&Prime; _builder_version=\u00a0\u00bb4.27.4&Prime; _module_preset=\u00a0\u00bbdefault\u00a0\u00bb global_colors_info=\u00a0\u00bb{}\u00a0\u00bb][et_pb_text _builder_version=\u00a0\u00bb4.27.4&Prime; _module_preset=\u00a0\u00bbdefault\u00a0\u00bb header_2_font=\u00a0\u00bb|700|||||||\u00a0\u00bb header_2_text_color=\u00a0\u00bb#333333&Prime; header_2_font_size=\u00a0\u00bb30px\u00a0\u00bb global_colors_info=\u00a0\u00bb{}\u00a0\u00bb]<\/p>\n<h2 style=\"text-align: center;\">R\u00e9seaux sociaux<\/h2>\n<p>[\/et_pb_text][et_pb_text _builder_version=\u00a0\u00bb4.27.4&Prime; _module_preset=\u00a0\u00bbdefault\u00a0\u00bb text_font_size=\u00a0\u00bb18px\u00a0\u00bb header_2_font=\u00a0\u00bb|700|||||||\u00a0\u00bb header_2_text_color=\u00a0\u00bb#333333&Prime; header_2_font_size=\u00a0\u00bb30px\u00a0\u00bb global_colors_info=\u00a0\u00bb{}\u00a0\u00bb]<\/p>\n<p style=\"text-align: center;\">Connectez-vous avec Philippe Jabre<\/p>\n<p>[\/et_pb_text][\/et_pb_column][\/et_pb_row][et_pb_row column_structure=\u00a0\u00bb1_4,1_4,1_4,1_4&Prime; _builder_version=\u00a0\u00bb4.27.4&Prime; _module_preset=\u00a0\u00bbdefault\u00a0\u00bb global_colors_info=\u00a0\u00bb{}\u00a0\u00bb][et_pb_column type=\u00a0\u00bb1_4&Prime; _builder_version=\u00a0\u00bb4.27.4&Prime; _module_preset=\u00a0\u00bbdefault\u00a0\u00bb background_color=\u00a0\u00bb#e5f2fc\u00a0\u00bb custom_padding=\u00a0\u00bb20px||20px||false|false\u00a0\u00bb border_radii=\u00a0\u00bbon|8px|8px|8px|8px\u00a0\u00bb box_shadow_style=\u00a0\u00bbpreset1&Prime; box_shadow_color=\u00a0\u00bbrgba(0,0,0,0.1)\u00a0\u00bb global_colors_info=\u00a0\u00bb{}\u00a0\u00bb][et_pb_text _builder_version=\u00a0\u00bb4.27.4&Prime; _module_preset=\u00a0\u00bbdefault\u00a0\u00bb text_orientation=\u00a0\u00bbcenter\u00a0\u00bb custom_padding=\u00a0\u00bb||||false|false\u00a0\u00bb global_colors_info=\u00a0\u00bb{}\u00a0\u00bb]<\/p>\n<p>X<\/p>\n<p>[\/et_pb_text][et_pb_button button_url=\u00a0\u00bbhttps:\/\/x.com\/Philippe_Jabre\u00a0\u00bb button_text=\u00a0\u00bbCliquez ici\u00a0\u00bb button_alignment=\u00a0\u00bbcenter\u00a0\u00bb _builder_version=\u00a0\u00bb4.27.4&Prime; _module_preset=\u00a0\u00bbdefault\u00a0\u00bb transform_scale=\u00a0\u00bb80%|80%\u00a0\u00bb global_colors_info=\u00a0\u00bb{}\u00a0\u00bb][\/et_pb_button][\/et_pb_column][et_pb_column type=\u00a0\u00bb1_4&Prime; _builder_version=\u00a0\u00bb4.27.4&Prime; _module_preset=\u00a0\u00bbdefault\u00a0\u00bb background_color=\u00a0\u00bb#e5f2fc\u00a0\u00bb custom_padding=\u00a0\u00bb20px||20px||false|false\u00a0\u00bb border_radii=\u00a0\u00bbon|8px|8px|8px|8px\u00a0\u00bb box_shadow_style=\u00a0\u00bbpreset1&Prime; box_shadow_color=\u00a0\u00bbrgba(0,0,0,0.1)\u00a0\u00bb global_colors_info=\u00a0\u00bb{}\u00a0\u00bb][et_pb_text _builder_version=\u00a0\u00bb4.27.4&Prime; _module_preset=\u00a0\u00bbdefault\u00a0\u00bb text_orientation=\u00a0\u00bbcenter\u00a0\u00bb custom_padding=\u00a0\u00bb||||false|false\u00a0\u00bb global_colors_info=\u00a0\u00bb{}\u00a0\u00bb]<\/p>\n<p>Medium<\/p>\n<p>[\/et_pb_text][et_pb_button button_url=\u00a0\u00bbhttps:\/\/medium.com\/@PhilippeJabre\u00a0\u00bb button_text=\u00a0\u00bbCliquez ici\u00a0\u00bb button_alignment=\u00a0\u00bbcenter\u00a0\u00bb _builder_version=\u00a0\u00bb4.27.4&Prime; _module_preset=\u00a0\u00bbdefault\u00a0\u00bb transform_scale=\u00a0\u00bb80%|80%\u00a0\u00bb global_colors_info=\u00a0\u00bb{}\u00a0\u00bb][\/et_pb_button][\/et_pb_column][et_pb_column type=\u00a0\u00bb1_4&Prime; _builder_version=\u00a0\u00bb4.27.4&Prime; _module_preset=\u00a0\u00bbdefault\u00a0\u00bb background_color=\u00a0\u00bb#e5f2fc\u00a0\u00bb custom_padding=\u00a0\u00bb20px||20px||false|false\u00a0\u00bb border_radii=\u00a0\u00bbon|8px|8px|8px|8px\u00a0\u00bb box_shadow_style=\u00a0\u00bbpreset1&Prime; box_shadow_color=\u00a0\u00bbrgba(0,0,0,0.1)\u00a0\u00bb global_colors_info=\u00a0\u00bb{}\u00a0\u00bb][et_pb_text _builder_version=\u00a0\u00bb4.27.4&Prime; _module_preset=\u00a0\u00bbdefault\u00a0\u00bb text_orientation=\u00a0\u00bbcenter\u00a0\u00bb custom_padding=\u00a0\u00bb||||false|false\u00a0\u00bb global_colors_info=\u00a0\u00bb{}\u00a0\u00bb]<\/p>\n<p>YouTube<\/p>\n<p>[\/et_pb_text][et_pb_button button_url=\u00a0\u00bbhttps:\/\/www.youtube.com\/@Philippe-Jabre\u00a0\u00bb button_text=\u00a0\u00bbCliquez ici\u00a0\u00bb button_alignment=\u00a0\u00bbcenter\u00a0\u00bb _builder_version=\u00a0\u00bb4.27.4&Prime; _module_preset=\u00a0\u00bbdefault\u00a0\u00bb transform_scale=\u00a0\u00bb80%|80%\u00a0\u00bb global_colors_info=\u00a0\u00bb{}\u00a0\u00bb][\/et_pb_button][\/et_pb_column][et_pb_column type=\u00a0\u00bb1_4&Prime; _builder_version=\u00a0\u00bb4.27.4&Prime; _module_preset=\u00a0\u00bbdefault\u00a0\u00bb background_color=\u00a0\u00bb#e5f2fc\u00a0\u00bb custom_padding=\u00a0\u00bb20px||20px||false|false\u00a0\u00bb border_radii=\u00a0\u00bbon|8px|8px|8px|8px\u00a0\u00bb box_shadow_style=\u00a0\u00bbpreset1&Prime; box_shadow_color=\u00a0\u00bbrgba(0,0,0,0.1)\u00a0\u00bb global_colors_info=\u00a0\u00bb{}\u00a0\u00bb][et_pb_text _builder_version=\u00a0\u00bb4.27.4&Prime; _module_preset=\u00a0\u00bbdefault\u00a0\u00bb text_orientation=\u00a0\u00bbcenter\u00a0\u00bb custom_padding=\u00a0\u00bb||||false|false\u00a0\u00bb global_colors_info=\u00a0\u00bb{}\u00a0\u00bb]<\/p>\n<p>About.me<\/p>\n<p>[\/et_pb_text][et_pb_button button_url=\u00a0\u00bbhttps:\/\/about.me\/PhilippeJabre\u00a0\u00bb button_text=\u00a0\u00bbCliquez ici\u00a0\u00bb button_alignment=\u00a0\u00bbcenter\u00a0\u00bb _builder_version=\u00a0\u00bb4.27.4&Prime; _module_preset=\u00a0\u00bbdefault\u00a0\u00bb transform_scale=\u00a0\u00bb80%|80%\u00a0\u00bb global_colors_info=\u00a0\u00bb{}\u00a0\u00bb][\/et_pb_button][\/et_pb_column][\/et_pb_row][\/et_pb_section]<\/p>\n","protected":false},"excerpt":{"rendered":"<p>Philippe JabreDirecteur des investissements (CIO), Pr\u00e9sident-directeur g\u00e9n\u00e9ral (CEO) et Fondateur de Jabre CapitalPhilippe Jabre est directeur de la communication, directeur g\u00e9n\u00e9ral et fondateur de Jabre Capital Partners, une soci\u00e9t\u00e9 bas\u00e9e \u00e0 Gen\u00e8ve, en Suisse, qui fournit des services de gestion d&rsquo;actifs \u00e0 des investisseurs institutionnels, \u00e0 des family offices et \u00e0 des particuliers fortun\u00e9s.Jabre Capital [&hellip;]<\/p>\n","protected":false},"author":1,"featured_media":0,"parent":0,"menu_order":0,"comment_status":"closed","ping_status":"closed","template":"","meta":{"_et_pb_use_builder":"on","_et_pb_old_content":"","_et_gb_content_width":"","footnotes":""},"class_list":["post-995","page","type-page","status-publish","hentry"],"yoast_head":"<!-- This site is optimized with the Yoast SEO plugin v27.5 - https:\/\/yoast.com\/product\/yoast-seo-wordpress\/ -->\n<title>Philippe Jabre | Directeur des investissements (CIO), Pr\u00e9sident-directeur g\u00e9n\u00e9ral (CEO) et Fondateur de Jabre Capital<\/title>\n<meta name=\"description\" content=\"Philippe Jabre est directeur de la communication, directeur g\u00e9n\u00e9ral et fondateur de Jabre Capital Partners, une soci\u00e9t\u00e9 bas\u00e9e \u00e0 Gen\u00e8ve, en Suisse, qui fournit des services de gestion d&#039;actifs \u00e0 des investisseurs institutionnels, \u00e0 des family offices et \u00e0 des particuliers fortun\u00e9s.\" \/>\n<meta name=\"robots\" content=\"index, follow, max-snippet:-1, max-image-preview:large, max-video-preview:-1\" \/>\n<link rel=\"canonical\" href=\"https:\/\/www.aboutphilippejabre.com\/fr\/\" \/>\n<meta property=\"og:locale\" content=\"fr_FR\" \/>\n<meta property=\"og:type\" content=\"article\" \/>\n<meta property=\"og:title\" content=\"Philippe Jabre | Directeur des investissements (CIO), Pr\u00e9sident-directeur g\u00e9n\u00e9ral (CEO) et Fondateur de Jabre Capital\" \/>\n<meta property=\"og:description\" content=\"Philippe Jabre est directeur de la communication, directeur g\u00e9n\u00e9ral et fondateur de Jabre Capital Partners, une soci\u00e9t\u00e9 bas\u00e9e \u00e0 Gen\u00e8ve, en Suisse, qui fournit des services de gestion d&#039;actifs \u00e0 des investisseurs institutionnels, \u00e0 des family offices et \u00e0 des particuliers fortun\u00e9s.\" \/>\n<meta property=\"og:url\" content=\"https:\/\/www.aboutphilippejabre.com\/fr\/\" \/>\n<meta property=\"og:site_name\" content=\"Philippe Jabre\" \/>\n<meta property=\"article:modified_time\" content=\"2025-11-10T16:47:18+00:00\" \/>\n<meta name=\"twitter:card\" content=\"summary_large_image\" \/>\n<meta name=\"twitter:label1\" content=\"Dur\u00e9e de lecture estim\u00e9e\" \/>\n\t<meta name=\"twitter:data1\" content=\"12 minutes\" \/>\n<script type=\"application\/ld+json\" class=\"yoast-schema-graph\">{\"@context\":\"https:\\\/\\\/schema.org\",\"@graph\":[{\"@type\":\"WebPage\",\"@id\":\"https:\\\/\\\/www.aboutphilippejabre.com\\\/fr\\\/\",\"url\":\"https:\\\/\\\/www.aboutphilippejabre.com\\\/fr\\\/\",\"name\":\"Philippe Jabre | Directeur des investissements (CIO), Pr\u00e9sident-directeur g\u00e9n\u00e9ral (CEO) et Fondateur de Jabre Capital\",\"isPartOf\":{\"@id\":\"https:\\\/\\\/www.aboutphilippejabre.com\\\/fr\\\/#website\"},\"datePublished\":\"2025-07-24T10:48:46+00:00\",\"dateModified\":\"2025-11-10T16:47:18+00:00\",\"description\":\"Philippe Jabre est directeur de la communication, directeur g\u00e9n\u00e9ral et fondateur de Jabre Capital Partners, une soci\u00e9t\u00e9 bas\u00e9e \u00e0 Gen\u00e8ve, en Suisse, qui fournit des services de gestion d'actifs \u00e0 des investisseurs institutionnels, \u00e0 des family offices et \u00e0 des particuliers fortun\u00e9s.\",\"breadcrumb\":{\"@id\":\"https:\\\/\\\/www.aboutphilippejabre.com\\\/fr\\\/#breadcrumb\"},\"inLanguage\":\"fr-FR\",\"potentialAction\":[{\"@type\":\"ReadAction\",\"target\":[\"https:\\\/\\\/www.aboutphilippejabre.com\\\/fr\\\/\"]}]},{\"@type\":\"BreadcrumbList\",\"@id\":\"https:\\\/\\\/www.aboutphilippejabre.com\\\/fr\\\/#breadcrumb\",\"itemListElement\":[{\"@type\":\"ListItem\",\"position\":1,\"name\":\"Home\",\"item\":\"https:\\\/\\\/www.aboutphilippejabre.com\\\/fr\\\/\"},{\"@type\":\"ListItem\",\"position\":2,\"name\":\"Home\"}]},{\"@type\":\"WebSite\",\"@id\":\"https:\\\/\\\/www.aboutphilippejabre.com\\\/fr\\\/#website\",\"url\":\"https:\\\/\\\/www.aboutphilippejabre.com\\\/fr\\\/\",\"name\":\"Philippe Jabre\",\"description\":\"This is the blog of Philippe Jabre\",\"potentialAction\":[{\"@type\":\"SearchAction\",\"target\":{\"@type\":\"EntryPoint\",\"urlTemplate\":\"https:\\\/\\\/www.aboutphilippejabre.com\\\/fr\\\/?s={search_term_string}\"},\"query-input\":{\"@type\":\"PropertyValueSpecification\",\"valueRequired\":true,\"valueName\":\"search_term_string\"}}],\"inLanguage\":\"fr-FR\"}]}<\/script>\n<!-- \/ Yoast SEO plugin. -->","yoast_head_json":{"title":"Philippe Jabre | Directeur des investissements (CIO), Pr\u00e9sident-directeur g\u00e9n\u00e9ral (CEO) et Fondateur de Jabre Capital","description":"Philippe Jabre est directeur de la communication, directeur g\u00e9n\u00e9ral et fondateur de Jabre Capital Partners, une soci\u00e9t\u00e9 bas\u00e9e \u00e0 Gen\u00e8ve, en Suisse, qui fournit des services de gestion d'actifs \u00e0 des investisseurs institutionnels, \u00e0 des family offices et \u00e0 des particuliers fortun\u00e9s.","robots":{"index":"index","follow":"follow","max-snippet":"max-snippet:-1","max-image-preview":"max-image-preview:large","max-video-preview":"max-video-preview:-1"},"canonical":"https:\/\/www.aboutphilippejabre.com\/fr\/","og_locale":"fr_FR","og_type":"article","og_title":"Philippe Jabre | Directeur des investissements (CIO), Pr\u00e9sident-directeur g\u00e9n\u00e9ral (CEO) et Fondateur de Jabre Capital","og_description":"Philippe Jabre est directeur de la communication, directeur g\u00e9n\u00e9ral et fondateur de Jabre Capital Partners, une soci\u00e9t\u00e9 bas\u00e9e \u00e0 Gen\u00e8ve, en Suisse, qui fournit des services de gestion d'actifs \u00e0 des investisseurs institutionnels, \u00e0 des family offices et \u00e0 des particuliers fortun\u00e9s.","og_url":"https:\/\/www.aboutphilippejabre.com\/fr\/","og_site_name":"Philippe Jabre","article_modified_time":"2025-11-10T16:47:18+00:00","twitter_card":"summary_large_image","twitter_misc":{"Dur\u00e9e de lecture estim\u00e9e":"12 minutes"},"schema":{"@context":"https:\/\/schema.org","@graph":[{"@type":"WebPage","@id":"https:\/\/www.aboutphilippejabre.com\/fr\/","url":"https:\/\/www.aboutphilippejabre.com\/fr\/","name":"Philippe Jabre | Directeur des investissements (CIO), Pr\u00e9sident-directeur g\u00e9n\u00e9ral (CEO) et Fondateur de Jabre Capital","isPartOf":{"@id":"https:\/\/www.aboutphilippejabre.com\/fr\/#website"},"datePublished":"2025-07-24T10:48:46+00:00","dateModified":"2025-11-10T16:47:18+00:00","description":"Philippe Jabre est directeur de la communication, directeur g\u00e9n\u00e9ral et fondateur de Jabre Capital Partners, une soci\u00e9t\u00e9 bas\u00e9e \u00e0 Gen\u00e8ve, en Suisse, qui fournit des services de gestion d'actifs \u00e0 des investisseurs institutionnels, \u00e0 des family offices et \u00e0 des particuliers fortun\u00e9s.","breadcrumb":{"@id":"https:\/\/www.aboutphilippejabre.com\/fr\/#breadcrumb"},"inLanguage":"fr-FR","potentialAction":[{"@type":"ReadAction","target":["https:\/\/www.aboutphilippejabre.com\/fr\/"]}]},{"@type":"BreadcrumbList","@id":"https:\/\/www.aboutphilippejabre.com\/fr\/#breadcrumb","itemListElement":[{"@type":"ListItem","position":1,"name":"Home","item":"https:\/\/www.aboutphilippejabre.com\/fr\/"},{"@type":"ListItem","position":2,"name":"Home"}]},{"@type":"WebSite","@id":"https:\/\/www.aboutphilippejabre.com\/fr\/#website","url":"https:\/\/www.aboutphilippejabre.com\/fr\/","name":"Philippe Jabre","description":"This is the blog of Philippe Jabre","potentialAction":[{"@type":"SearchAction","target":{"@type":"EntryPoint","urlTemplate":"https:\/\/www.aboutphilippejabre.com\/fr\/?s={search_term_string}"},"query-input":{"@type":"PropertyValueSpecification","valueRequired":true,"valueName":"search_term_string"}}],"inLanguage":"fr-FR"}]}},"_links":{"self":[{"href":"https:\/\/www.aboutphilippejabre.com\/fr\/wp-json\/wp\/v2\/pages\/995","targetHints":{"allow":["GET"]}}],"collection":[{"href":"https:\/\/www.aboutphilippejabre.com\/fr\/wp-json\/wp\/v2\/pages"}],"about":[{"href":"https:\/\/www.aboutphilippejabre.com\/fr\/wp-json\/wp\/v2\/types\/page"}],"author":[{"embeddable":true,"href":"https:\/\/www.aboutphilippejabre.com\/fr\/wp-json\/wp\/v2\/users\/1"}],"replies":[{"embeddable":true,"href":"https:\/\/www.aboutphilippejabre.com\/fr\/wp-json\/wp\/v2\/comments?post=995"}],"version-history":[{"count":3,"href":"https:\/\/www.aboutphilippejabre.com\/fr\/wp-json\/wp\/v2\/pages\/995\/revisions"}],"predecessor-version":[{"id":1023,"href":"https:\/\/www.aboutphilippejabre.com\/fr\/wp-json\/wp\/v2\/pages\/995\/revisions\/1023"}],"wp:attachment":[{"href":"https:\/\/www.aboutphilippejabre.com\/fr\/wp-json\/wp\/v2\/media?parent=995"}],"curies":[{"name":"wp","href":"https:\/\/api.w.org\/{rel}","templated":true}]}}